{"id":731,"date":"2025-10-08T07:39:25","date_gmt":"2025-10-08T12:39:25","guid":{"rendered":"https:\/\/mediplushub.com\/br\/?post_type=product&#038;p=731"},"modified":"2026-03-09T18:10:46","modified_gmt":"2026-03-09T23:10:46","slug":"faca-esquerda-mustad-corte-preciso-y-control-en-ranilla","status":"publish","type":"product","link":"https:\/\/www.mustadlatam.com\/br\/pt\/produtos\/faca-esquerda-mustad-corte-preciso-y-control-en-ranilla\/","title":{"rendered":"Faca Esquerda MUSTAD \u2013 corte preciso na sola e ranilha"},"content":{"rendered":"","protected":false},"excerpt":{"rendered":"<p>Faca para cascos de canhotos com l\u00e2mina curva e gancho frontal para aparar com precis\u00e3o a sola e a ranilha; cabo ergon\u00f4mico que melhora a alavancagem e reduz a fadiga<\/p>\n<p><strong>Especialidade:<\/strong> aparar e limpar a sola e a ranilha para ferradores destros que usam goiva para canhotos.<\/p>\n<p><strong>Usos recomendados:<\/strong> limpar sulcos, moldar \u00e1reas curvas\/estreitas e dar forma \u00e0 sola com cortes controlados e acabamento profissional.<\/p>\n<p data-start=\"953\" data-end=\"1262\"><strong>Principais caracter\u00edsticas:<\/strong><\/p>\n<ol>\n<li data-start=\"1266\" data-end=\"1353\">L\u00e2mina afiada para cortes limpos e r\u00e1pidos.<\/li>\n<li data-start=\"1266\" data-end=\"1353\">Gancho frontal que facilita o acesso a \u00e1reas dif\u00edceis da r\u00e3 e das laterais.<\/li>\n<li>Cabo ergon\u00f4mico de madeira para boa ader\u00eancia, conforto e equil\u00edbrio.<\/li>\n<li>A\u00e7o dur\u00e1vel que mant\u00e9m o fio e resiste ao uso prolongado.<\/li>\n<\/ol>","protected":false},"featured_media":732,"comment_status":"open","ping_status":"closed","template":"","meta":[],"product_brand":[412],"product_cat":[406,25],"product_tag":[415,413,414,418,319,416,903,417],"class_list":{"0":"post-731","1":"product","2":"type-product","3":"status-publish","4":"has-post-thumbnail","6":"product_brand-mustad","7":"product_cat-gubias","8":"product_cat-herramientas","9":"product_tag-gancho-frontal","10":"product_tag-gubia-izquierda","11":"product_tag-hoja-curva","12":"product_tag-mango-ergonomico","13":"product_tag-mustad","14":"product_tag-ranilla","15":"product_tag-semana-do-cliente-2026","16":"product_tag-suela","17":"pa_disciplina-adestramento","18":"pa_disciplina-cavalgada","19":"pa_disciplina-hipismo","20":"pa_disciplina-laco","21":"pa_disciplina-marcha","22":"pa_disciplina-trabalho","23":"pa_disciplina-tres-tambores","24":"pa_disciplina-turf","25":"pa_marca-mustad","26":"pa_material-aco","27":"pa_tipo-de-produto-herramienta","29":"first","30":"instock","31":"shipping-taxable","32":"purchasable","33":"product-type-simple"},"yoast_head":"<!-- This site is optimized with the Yoast SEO plugin v27.4 - https:\/\/yoast.com\/product\/yoast-seo-wordpress\/ -->\n<title>Faca Esquerda MUSTAD \u2013 corte preciso na sola e ranilha<\/title>\n<meta name=\"description\" content=\"Faca para cascos Mustad para canhotos com l\u00e2mina curva, gancho frontal e cabo ergon\u00f4mico: aparar com precis\u00e3o solas e ranilhas com menos esfor\u00e7o e maior\" \/>\n<meta name=\"robots\" content=\"index, follow, max-snippet:-1, max-image-preview:large, max-video-preview:-1\" \/>\n<link rel=\"canonical\" href=\"https:\/\/www.mustadlatam.com\/br\/pt\/produtos\/faca-esquerda-mustad-corte-preciso-y-control-en-ranilla\/\" \/>\n<meta property=\"og:locale\" content=\"pt_BR\" \/>\n<meta property=\"og:type\" content=\"article\" \/>\n<meta property=\"og:title\" content=\"Faca Esquerda MUSTAD \u2013 corte preciso na sola e ranilha\" \/>\n<meta property=\"og:description\" content=\"Faca para cascos Mustad para canhotos com l\u00e2mina curva, gancho frontal e cabo ergon\u00f4mico: aparar com precis\u00e3o solas e ranilhas com menos esfor\u00e7o e maior\" \/>\n<meta property=\"og:url\" content=\"https:\/\/www.mustadlatam.com\/br\/pt\/produtos\/faca-esquerda-mustad-corte-preciso-y-control-en-ranilla\/\" \/>\n<meta property=\"og:site_name\" content=\"Mustad Brasil - Informa\u00e7\u00e3o, Educa\u00e7\u00e3o e Venda de Produtos e Ferramentas Profissionais para Ferradores no Brasil.\" \/>\n<meta property=\"article:modified_time\" content=\"2026-03-09T23:10:46+00:00\" \/>\n<meta property=\"og:image\" content=\"https:\/\/www.mustadlatam.com\/br\/wp-content\/uploads\/8\/2025\/10\/Gubia-Izquierda-Curva-Mustad.jpg\" \/>\n\t<meta property=\"og:image:width\" content=\"800\" \/>\n\t<meta property=\"og:image:height\" content=\"800\" \/>\n\t<meta property=\"og:image:type\" content=\"image\/jpeg\" \/>\n<meta name=\"twitter:card\" content=\"summary_large_image\" \/>\n<meta name=\"twitter:label1\" content=\"Est. tempo de leitura\" \/>\n\t<meta name=\"twitter:data1\" content=\"1 minuto\" \/>\n<script type=\"application\/ld+json\" class=\"yoast-schema-graph\">{\"@context\":\"https:\\\/\\\/schema.org\",\"@graph\":[{\"@type\":\"WebPage\",\"@id\":\"https:\\\/\\\/www.mustadlatam.com\\\/br\\\/product\\\/faca-esquerda-mustad-corte-preciso-y-control-en-ranilla\\\/\",\"url\":\"https:\\\/\\\/www.mustadlatam.com\\\/br\\\/product\\\/faca-esquerda-mustad-corte-preciso-y-control-en-ranilla\\\/\",\"name\":\"Faca Esquerda MUSTAD \u2013 corte preciso na sola e ranilha\",\"isPartOf\":{\"@id\":\"https:\\\/\\\/www.mustadlatam.com\\\/br\\\/#website\"},\"primaryImageOfPage\":{\"@id\":\"https:\\\/\\\/www.mustadlatam.com\\\/br\\\/product\\\/faca-esquerda-mustad-corte-preciso-y-control-en-ranilla\\\/#primaryimage\"},\"image\":{\"@id\":\"https:\\\/\\\/www.mustadlatam.com\\\/br\\\/product\\\/faca-esquerda-mustad-corte-preciso-y-control-en-ranilla\\\/#primaryimage\"},\"thumbnailUrl\":\"https:\\\/\\\/www.mustadlatam.com\\\/br\\\/wp-content\\\/uploads\\\/8\\\/2025\\\/10\\\/Gubia-Izquierda-Curva-Mustad.jpg\",\"datePublished\":\"2025-10-08T12:39:25+00:00\",\"dateModified\":\"2026-03-09T23:10:46+00:00\",\"description\":\"Faca para cascos Mustad para canhotos com l\u00e2mina curva, gancho frontal e cabo ergon\u00f4mico: aparar com precis\u00e3o solas e ranilhas com menos esfor\u00e7o e maior\",\"breadcrumb\":{\"@id\":\"https:\\\/\\\/www.mustadlatam.com\\\/br\\\/product\\\/faca-esquerda-mustad-corte-preciso-y-control-en-ranilla\\\/#breadcrumb\"},\"inLanguage\":\"pt-BR\",\"potentialAction\":[{\"@type\":\"ReadAction\",\"target\":[\"https:\\\/\\\/www.mustadlatam.com\\\/br\\\/product\\\/faca-esquerda-mustad-corte-preciso-y-control-en-ranilla\\\/\"]}]},{\"@type\":\"ImageObject\",\"inLanguage\":\"pt-BR\",\"@id\":\"https:\\\/\\\/www.mustadlatam.com\\\/br\\\/product\\\/faca-esquerda-mustad-corte-preciso-y-control-en-ranilla\\\/#primaryimage\",\"url\":\"https:\\\/\\\/www.mustadlatam.com\\\/br\\\/wp-content\\\/uploads\\\/8\\\/2025\\\/10\\\/Gubia-Izquierda-Curva-Mustad.jpg\",\"contentUrl\":\"https:\\\/\\\/www.mustadlatam.com\\\/br\\\/wp-content\\\/uploads\\\/8\\\/2025\\\/10\\\/Gubia-Izquierda-Curva-Mustad.jpg\",\"width\":800,\"height\":800,\"caption\":\"Gubia Izquierda Curva Mustad\"},{\"@type\":\"BreadcrumbList\",\"@id\":\"https:\\\/\\\/www.mustadlatam.com\\\/br\\\/product\\\/faca-esquerda-mustad-corte-preciso-y-control-en-ranilla\\\/#breadcrumb\",\"itemListElement\":[{\"@type\":\"ListItem\",\"position\":1,\"name\":\"Inicio\",\"item\":\"https:\\\/\\\/www.mustadlatam.com\\\/br\\\/\"},{\"@type\":\"ListItem\",\"position\":2,\"name\":\"Loja Mustad Brasil | Compre Ferraduras, Cravos e Ferramentas\",\"item\":\"https:\\\/\\\/www.mustadlatam.com\\\/br\\\/shop\\\/\"},{\"@type\":\"ListItem\",\"position\":3,\"name\":\"Faca Esquerda MUSTAD \u2013 corte preciso na sola e ranilha\"}]},{\"@type\":\"WebSite\",\"@id\":\"https:\\\/\\\/www.mustadlatam.com\\\/br\\\/#website\",\"url\":\"https:\\\/\\\/www.mustadlatam.com\\\/br\\\/\",\"name\":\"Mustad Brasil - Informa\u00e7\u00e3o, Educa\u00e7\u00e3o e Venda de Produtos e Ferramentas Profissionais para Ferradores no Brasil.\",\"description\":\"Ferraduras, grosas, pregos e acess\u00f3rios para cavalos\",\"publisher\":{\"@id\":\"https:\\\/\\\/www.mustadlatam.com\\\/br\\\/#organization\"},\"potentialAction\":[{\"@type\":\"SearchAction\",\"target\":{\"@type\":\"EntryPoint\",\"urlTemplate\":\"https:\\\/\\\/www.mustadlatam.com\\\/br\\\/?s={search_term_string}\"},\"query-input\":{\"@type\":\"PropertyValueSpecification\",\"valueRequired\":true,\"valueName\":\"search_term_string\"}}],\"inLanguage\":\"pt-BR\"},{\"@type\":\"Organization\",\"@id\":\"https:\\\/\\\/www.mustadlatam.com\\\/br\\\/#organization\",\"name\":\"Mustad Brasil - Informa\u00e7\u00e3o, Educa\u00e7\u00e3o e Venda de Produtos e Ferramentas Profissionais para Ferradores no Brasil.\",\"url\":\"https:\\\/\\\/www.mustadlatam.com\\\/br\\\/\",\"logo\":{\"@type\":\"ImageObject\",\"inLanguage\":\"pt-BR\",\"@id\":\"https:\\\/\\\/www.mustadlatam.com\\\/br\\\/#\\\/schema\\\/logo\\\/image\\\/\",\"url\":\"https:\\\/\\\/www.mustadlatam.com\\\/br\\\/wp-content\\\/uploads\\\/8\\\/2025\\\/12\\\/cropped-cropped-LOGO-MUSTAD-Final.png\",\"contentUrl\":\"https:\\\/\\\/www.mustadlatam.com\\\/br\\\/wp-content\\\/uploads\\\/8\\\/2025\\\/12\\\/cropped-cropped-LOGO-MUSTAD-Final.png\",\"width\":500,\"height\":500,\"caption\":\"Mustad Brasil - Informa\u00e7\u00e3o, Educa\u00e7\u00e3o e Venda de Produtos e Ferramentas Profissionais para Ferradores no Brasil.\"},\"image\":{\"@id\":\"https:\\\/\\\/www.mustadlatam.com\\\/br\\\/#\\\/schema\\\/logo\\\/image\\\/\"}}]}<\/script>\n<!-- \/ Yoast SEO plugin. -->","yoast_head_json":{"title":"Faca Esquerda MUSTAD \u2013 corte preciso na sola e ranilha","description":"Faca para cascos Mustad para canhotos com l\u00e2mina curva, gancho frontal e cabo ergon\u00f4mico: aparar com precis\u00e3o solas e ranilhas com menos esfor\u00e7o e maior","robots":{"index":"index","follow":"follow","max-snippet":"max-snippet:-1","max-image-preview":"max-image-preview:large","max-video-preview":"max-video-preview:-1"},"canonical":"https:\/\/www.mustadlatam.com\/br\/pt\/produtos\/faca-esquerda-mustad-corte-preciso-y-control-en-ranilla\/","og_locale":"pt_BR","og_type":"article","og_title":"Faca Esquerda MUSTAD \u2013 corte preciso na sola e ranilha","og_description":"Faca para cascos Mustad para canhotos com l\u00e2mina curva, gancho frontal e cabo ergon\u00f4mico: aparar com precis\u00e3o solas e ranilhas com menos esfor\u00e7o e maior","og_url":"https:\/\/www.mustadlatam.com\/br\/pt\/produtos\/faca-esquerda-mustad-corte-preciso-y-control-en-ranilla\/","og_site_name":"Mustad Brasil - Informa\u00e7\u00e3o, Educa\u00e7\u00e3o e Venda de Produtos e Ferramentas Profissionais para Ferradores no Brasil.","article_modified_time":"2026-03-09T23:10:46+00:00","og_image":[{"width":800,"height":800,"url":"https:\/\/www.mustadlatam.com\/br\/wp-content\/uploads\/8\/2025\/10\/Gubia-Izquierda-Curva-Mustad.jpg","type":"image\/jpeg"}],"twitter_card":"summary_large_image","twitter_misc":{"Est. tempo de leitura":"1 minuto"},"schema":{"@context":"https:\/\/schema.org","@graph":[{"@type":"WebPage","@id":"https:\/\/www.mustadlatam.com\/br\/product\/faca-esquerda-mustad-corte-preciso-y-control-en-ranilla\/","url":"https:\/\/www.mustadlatam.com\/br\/product\/faca-esquerda-mustad-corte-preciso-y-control-en-ranilla\/","name":"Faca Esquerda MUSTAD \u2013 corte preciso na sola e ranilha","isPartOf":{"@id":"https:\/\/www.mustadlatam.com\/br\/#website"},"primaryImageOfPage":{"@id":"https:\/\/www.mustadlatam.com\/br\/product\/faca-esquerda-mustad-corte-preciso-y-control-en-ranilla\/#primaryimage"},"image":{"@id":"https:\/\/www.mustadlatam.com\/br\/product\/faca-esquerda-mustad-corte-preciso-y-control-en-ranilla\/#primaryimage"},"thumbnailUrl":"https:\/\/www.mustadlatam.com\/br\/wp-content\/uploads\/8\/2025\/10\/Gubia-Izquierda-Curva-Mustad.jpg","datePublished":"2025-10-08T12:39:25+00:00","dateModified":"2026-03-09T23:10:46+00:00","description":"Faca para cascos Mustad para canhotos com l\u00e2mina curva, gancho frontal e cabo ergon\u00f4mico: aparar com precis\u00e3o solas e ranilhas com menos esfor\u00e7o e maior","breadcrumb":{"@id":"https:\/\/www.mustadlatam.com\/br\/product\/faca-esquerda-mustad-corte-preciso-y-control-en-ranilla\/#breadcrumb"},"inLanguage":"pt-BR","potentialAction":[{"@type":"ReadAction","target":["https:\/\/www.mustadlatam.com\/br\/product\/faca-esquerda-mustad-corte-preciso-y-control-en-ranilla\/"]}]},{"@type":"ImageObject","inLanguage":"pt-BR","@id":"https:\/\/www.mustadlatam.com\/br\/product\/faca-esquerda-mustad-corte-preciso-y-control-en-ranilla\/#primaryimage","url":"https:\/\/www.mustadlatam.com\/br\/wp-content\/uploads\/8\/2025\/10\/Gubia-Izquierda-Curva-Mustad.jpg","contentUrl":"https:\/\/www.mustadlatam.com\/br\/wp-content\/uploads\/8\/2025\/10\/Gubia-Izquierda-Curva-Mustad.jpg","width":800,"height":800,"caption":"Gubia Izquierda Curva Mustad"},{"@type":"BreadcrumbList","@id":"https:\/\/www.mustadlatam.com\/br\/product\/faca-esquerda-mustad-corte-preciso-y-control-en-ranilla\/#breadcrumb","itemListElement":[{"@type":"ListItem","position":1,"name":"Inicio","item":"https:\/\/www.mustadlatam.com\/br\/"},{"@type":"ListItem","position":2,"name":"Loja Mustad Brasil | Compre Ferraduras, Cravos e Ferramentas","item":"https:\/\/www.mustadlatam.com\/br\/shop\/"},{"@type":"ListItem","position":3,"name":"Faca Esquerda MUSTAD \u2013 corte preciso na sola e ranilha"}]},{"@type":"WebSite","@id":"https:\/\/www.mustadlatam.com\/br\/#website","url":"https:\/\/www.mustadlatam.com\/br\/","name":"Mustad Brasil - Informa\u00e7\u00e3o, educa\u00e7\u00e3o e venda de produtos e ferramentas profissionais para ferreiros no Brasil.","description":"Ferraduras, grosas, pregos e acess\u00f3rios para cavalos","publisher":{"@id":"https:\/\/www.mustadlatam.com\/br\/#organization"},"potentialAction":[{"@type":"SearchAction","target":{"@type":"EntryPoint","urlTemplate":"https:\/\/www.mustadlatam.com\/br\/?s={search_term_string}"},"query-input":{"@type":"PropertyValueSpecification","valueRequired":true,"valueName":"search_term_string"}}],"inLanguage":"pt-BR"},{"@type":"Organization","@id":"https:\/\/www.mustadlatam.com\/br\/#organization","name":"Mustad Brasil - Informa\u00e7\u00e3o, educa\u00e7\u00e3o e venda de produtos e ferramentas profissionais para ferreiros no Brasil.","url":"https:\/\/www.mustadlatam.com\/br\/","logo":{"@type":"ImageObject","inLanguage":"pt-BR","@id":"https:\/\/www.mustadlatam.com\/br\/#\/schema\/logo\/image\/","url":"https:\/\/www.mustadlatam.com\/br\/wp-content\/uploads\/8\/2025\/12\/cropped-cropped-LOGO-MUSTAD-Final.png","contentUrl":"https:\/\/www.mustadlatam.com\/br\/wp-content\/uploads\/8\/2025\/12\/cropped-cropped-LOGO-MUSTAD-Final.png","width":500,"height":500,"caption":"Mustad Brasil - Informa\u00e7\u00e3o, Educa\u00e7\u00e3o e Venda de Produtos e Ferramentas Profissionais para Ferradores no Brasil."},"image":{"@id":"https:\/\/www.mustadlatam.com\/br\/#\/schema\/logo\/image\/"}}]}},"_links":{"self":[{"href":"https:\/\/www.mustadlatam.com\/br\/pt\/wp-json\/wp\/v2\/product\/731","targetHints":{"allow":["GET"]}}],"collection":[{"href":"https:\/\/www.mustadlatam.com\/br\/pt\/wp-json\/wp\/v2\/product"}],"about":[{"href":"https:\/\/www.mustadlatam.com\/br\/pt\/wp-json\/wp\/v2\/types\/product"}],"replies":[{"embeddable":true,"href":"https:\/\/www.mustadlatam.com\/br\/pt\/wp-json\/wp\/v2\/comments?post=731"}],"wp:featuredmedia":[{"embeddable":true,"href":"https:\/\/www.mustadlatam.com\/br\/pt\/wp-json\/wp\/v2\/media\/732"}],"wp:attachment":[{"href":"https:\/\/www.mustadlatam.com\/br\/pt\/wp-json\/wp\/v2\/media?parent=731"}],"wp:term":[{"taxonomy":"product_brand","embeddable":true,"href":"https:\/\/www.mustadlatam.com\/br\/pt\/wp-json\/wp\/v2\/product_brand?post=731"},{"taxonomy":"product_cat","embeddable":true,"href":"https:\/\/www.mustadlatam.com\/br\/pt\/wp-json\/wp\/v2\/product_cat?post=731"},{"taxonomy":"product_tag","embeddable":true,"href":"https:\/\/www.mustadlatam.com\/br\/pt\/wp-json\/wp\/v2\/product_tag?post=731"}],"curies":[{"name":"wp","href":"https:\/\/api.w.org\/{rel}","templated":true}]}}